{"id":735,"date":"2024-02-23T15:35:40","date_gmt":"2024-02-23T15:35:40","guid":{"rendered":"http:\/\/vdai2002.ro\/?page_id=735"},"modified":"2024-02-23T16:11:45","modified_gmt":"2024-02-23T16:11:45","slug":"conferinta-foto-2024","status":"publish","type":"page","link":"http:\/\/vdai2002.ro\/index.php\/conferinta-foto-2024\/","title":{"rendered":"Conferin\u021b\u0103 Foto 2024"},"content":{"rendered":"\n<h2 class=\"wp-block-heading\">Conferin\u021b\u0103 Foto 2024 &#8211;  \u201ePhoto to the next level\u201d Edi\u021bia II<\/h2>\n\n\n\n<div class=\"wp-block-image\"><figure class=\"alignright is-resized\"><img loading=\"lazy\" decoding=\"async\" src=\"https:\/\/vdai2002.ro\/wp-content\/uploads\/2024\/02\/46-50-1024x708.jpg\" alt=\"\" class=\"wp-image-747\" width=\"188\" height=\"129\" srcset=\"http:\/\/vdai2002.ro\/wp-content\/uploads\/2024\/02\/46-50-1024x708.jpg 1024w, http:\/\/vdai2002.ro\/wp-content\/uploads\/2024\/02\/46-50-300x207.jpg 300w, http:\/\/vdai2002.ro\/wp-content\/uploads\/2024\/02\/46-50-768x531.jpg 768w, http:\/\/vdai2002.ro\/wp-content\/uploads\/2024\/02\/46-50.jpg 2000w\" sizes=\"(max-width: 188px) 100vw, 188px\" \/><figcaption><a href=\"https:\/\/visit-timisoara.com\/timisoara-landmarks\/#victoriei-square\">surs\u0103 foto<\/a><\/figcaption><\/figure><\/div>\n\n\n\n<p>Anul acesta suntem m\u00e2ndrii s\u0103 v\u0103 anun\u021b\u0103m c\u0103 vom organiza din nou Conferin\u021b\u0103 foto \u00een data de<strong> 11 Aprilie 2024 <\/strong>la Hotel Timi\u0219oara.<\/p>\n\n\n\n<p>Hotelul Timi\u0219oara este situat \u00een centrul ora\u0219ului \u0219i dispune de parcare privat\u0103. \u00cen zona se reg\u0103sesc cel pu\u021bin 5 parc\u0103ri.<\/p>\n\n\n\n<p>Prin aceast\u0103 conferin\u021b\u0103 ne propunem s\u0103 reunim administratorii magazinelor foto \u00een vederea dezvolt\u0103rii de noi idei \u0219i strategii. A\u0219adar obiectivul acestei conferin\u021be este  s\u0103 creasc\u0103 cifra de afaceri a companiilor foto (magazine foto).<br>De asemenea ne dorim s\u0103 lans\u0103m noi produse pe pia\u021ba foto din Rom\u00e2nia.  Dorim s\u0103 v\u0103 prezent\u0103m nouta\u021bi \u00een materie de echipamente \u0219i produse.<\/p>\n\n\n\n<p>Conferin\u021ba va avea ca invita\u021bi speciali personalit\u0103\u021bi din bordul de conducere al Fujifilm Europa din divizia foto, c\u00e2t \u0219i reprezentan\u021bi ai companiei ZEPSrl.<\/p>\n\n\n\n<p>Sunte\u021bi invita\u021bi chiar dac\u0103 nu sunte\u021bi partenerul nostru sau nu am lucrat niciodat\u0103.  Participarea la acest eveniment nu presupune nicio obliga\u021bie.<\/p>\n\n\n\n<p><strong>Pentru participare NU este prevazut\u0103 nicio taxa, ci doar s\u0103 v\u0103 \u00eenscrie\u021bi la adresa de email conferinta@vdai2002.ro.<\/strong><\/p>\n\n\n\n<p>Seara avem deosebita placere de a v\u0103 invita la cina care va avea loc \u00een aceea\u0219i loca\u021bie \u00eencep\u00e2nd cu ora 19:00.<\/p>\n\n\n\n<p>Programul conferin\u021bei  va fi prezentat la mijlocul lunii martie.<\/p>\n\n\n\n<p>Pentru cei care nu au putut fi al\u0103turi de noi la prima edi\u021bie v\u0103 invit\u0103m s\u0103 <strong><a href=\"https:\/\/vdai2002.ro\/index.php\/2018\/11\/08\/conferinta-foto-din-timisoara-photo-to-the-next-level-2018\/\">accesa\u021bi aici pentru mai multe detalii &#8230;<\/a><\/strong><\/p>\n\n\n\n<p><\/p>\n","protected":false},"excerpt":{"rendered":"<p>Conferin\u021b\u0103 Foto 2024 &#8211; \u201ePhoto to the next level\u201d Edi\u021bia II Anul acesta suntem m\u00e2ndrii s\u0103 v\u0103 anun\u021b\u0103m c\u0103 vom organiza din nou Conferin\u021b\u0103 foto \u00een data de 11 Aprilie 2024 la Hotel Timi\u0219oara. Hotelul Timi\u0219oara este situat \u00een centrul ora\u0219ului \u0219i dispune de parcare privat\u0103. \u00cen zona se reg\u0103sesc cel pu\u021bin 5 parc\u0103ri. Prin [&hellip;]<\/p>\n","protected":false},"author":1,"featured_media":740,"parent":0,"menu_order":0,"comment_status":"closed","ping_status":"closed","template":"templates\/page-left-sidebar.php","meta":{"_exactmetrics_skip_tracking":false,"_exactmetrics_sitenote_active":false,"_exactmetrics_sitenote_note":"","_exactmetrics_sitenote_category":0,"_monsterinsights_skip_tracking":false,"_monsterinsights_sitenote_active":false,"_monsterinsights_sitenote_note":"","_monsterinsights_sitenote_category":0,"jetpack_post_was_ever_published":false,"footnotes":""},"jetpack_sharing_enabled":true,"jetpack_shortlink":"https:\/\/wp.me\/Pakcvb-bR","_links":{"self":[{"href":"http:\/\/vdai2002.ro\/index.php\/wp-json\/wp\/v2\/pages\/735"}],"collection":[{"href":"http:\/\/vdai2002.ro\/index.php\/wp-json\/wp\/v2\/pages"}],"about":[{"href":"http:\/\/vdai2002.ro\/index.php\/wp-json\/wp\/v2\/types\/page"}],"author":[{"embeddable":true,"href":"http:\/\/vdai2002.ro\/index.php\/wp-json\/wp\/v2\/users\/1"}],"replies":[{"embeddable":true,"href":"http:\/\/vdai2002.ro\/index.php\/wp-json\/wp\/v2\/comments?post=735"}],"version-history":[{"count":9,"href":"http:\/\/vdai2002.ro\/index.php\/wp-json\/wp\/v2\/pages\/735\/revisions"}],"predecessor-version":[{"id":752,"href":"http:\/\/vdai2002.ro\/index.php\/wp-json\/wp\/v2\/pages\/735\/revisions\/752"}],"wp:featuredmedia":[{"embeddable":true,"href":"http:\/\/vdai2002.ro\/index.php\/wp-json\/wp\/v2\/media\/740"}],"wp:attachment":[{"href":"http:\/\/vdai2002.ro\/index.php\/wp-json\/wp\/v2\/media?parent=735"}],"curies":[{"name":"wp","href":"https:\/\/api.w.org\/{rel}","templated":true}]}}